{"id":2,"date":"2022-05-14T15:34:11","date_gmt":"2022-05-14T15:34:11","guid":{"rendered":"https:\/\/ciamariapuentealto.cl\/sitio\/?page_id=2"},"modified":"2026-05-13T19:17:02","modified_gmt":"2026-05-13T19:17:02","slug":"inicio","status":"publish","type":"page","link":"https:\/\/ciamariapuentealto.cl\/sitio\/","title":{"rendered":"Inicio"},"content":{"rendered":"<div class=\"et_pb_section_0 et_pb_section et_section_regular et_block_section\">\n<div class=\"et_pb_row_0 et_pb_row et_block_row\">\n<div class=\"et_pb_column_0 et_pb_column et_pb_column_4_4 et-last-child et_block_column et_pb_css_mix_blend_mode_passthrough\">\n<div class=\"et_pb_slider_0 et_pb_slider et_pb_slider_fullwidth_off et_slider_auto et_slider_speed_4000 et_animated et_clickable et_pb_module et_block_module lwp-static-slider\"><div class=\"et_pb_slides\">\n<div class=\"et_pb_slide_0 et_pb_slide et_pb_slider_with_text_overlay et_pb_media_alignment_center et_pb_bg_layout_dark et_pb_text_align_center et-pb-has-background-video et_pb_preload\" data-slide-id=\"divi\/slide-0\"><span class=\"et-pb-background-video\"><video autoplay loop playsinline muted><source type=\"video\/mp4\" src=\"https:\/\/ciamariapuentealto.cl\/sitio\/wp-content\/uploads\/2026\/05\/Colegio-Compania-de-Maria-Puente-Alto-1-1.mp4\" \/><\/video><\/span><div class=\"et_pb_container\"><div class=\"et_pb_slider_container_inner\"><div class=\"et_pb_slide_description\"><div class=\"et_pb_text_overlay_wrapper\"><h2 class=\"et_pb_slide_title\"><a href=\"https:\/\/www.ciamariapuentealto.cl\/sitio\/nuestra-identidad\" target=\"\" class=\"et_pb_slide_title_link\">Un Proyecto educativo que a\u00fana tradici\u00f3n y novedad para seguir \u201ctendiendo la mano\u201d<\/a><\/h2><div class=\"et_pb_slide_content\"><p>Presentes hoy en cuatro continentes: Europa, Las Am\u00e9ricas, \u00c1frica y Asia, las Instituciones Educativas de la Compa\u00f1\u00eda de Mar\u00eda, inspiradas en el carisma de Santa Juana de Lestonnac,<\/p>\n<\/div><\/div><div class=\"et_pb_button_wrapper\"><a class=\"et_pb_button et_pb_more_button\" href=\"https:\/\/www.ciamariapuentealto.cl\/sitio\/nuestra-identidad\">Conocer m\u00e1s<\/a><\/div><\/div><\/div><\/div><\/div>\n<\/div><\/div>\n<\/div>\n<\/div>\n<\/div>\n\n<div class=\"et_pb_section_1 et_pb_section et_section_regular et_block_section\">\n<div class=\"et_pb_row_1 et_pb_row et_pb_row_6col et_pb_equal_columns et_pb_gutters1 et_block_row et_block_row_6col\">\n<div class=\"et_pb_column_1 et_pb_column et_pb_column_1_6 et_block_column et_pb_css_mix_blend_mode_passthrough\">\n<div class=\"et_pb_text_0 et_pb_text et_pb_bg_layout_light et_clickable et_pb_module et_block_module\"><div class=\"et_pb_text_inner\"><h4>ADMISI\u00d3N<\/h4>\n<\/div><\/div>\n\n<div class=\"et_pb_image_0 et_pb_image et_pb_module et_block_module\"><a href=\"https:\/\/www.sistemadeadmisionescolar.cl\/\"><span class=\"et_pb_image_wrap\"><img decoding=\"async\" src=\"https:\/\/www.ciamariapuentealto.cl\/sitio\/wp-content\/uploads\/2025\/10\/flecha.png\" title=\"flecha\" \/><\/span><\/a><\/div>\n<\/div>\n\n<div class=\"et_pb_column_2 et_pb_column et_pb_column_1_6 et_block_column et_pb_css_mix_blend_mode_passthrough\">\n<div class=\"et_pb_text_1 et_pb_text et_pb_bg_layout_light et_clickable et_pb_module et_block_module\"><div class=\"et_pb_text_inner\"><h4>BECAS<\/h4>\n<\/div><\/div>\n\n<div class=\"et_pb_image_1 et_pb_image et_pb_module et_block_module\"><a href=\"https:\/\/ciamariapuentealto.cl\/sitio\/becas\/\" target=\"_blank\"><span class=\"et_pb_image_wrap\"><img decoding=\"async\" src=\"https:\/\/www.ciamariapuentealto.cl\/sitio\/wp-content\/uploads\/2025\/10\/flecha.png\" title=\"flecha\" \/><\/span><\/a><\/div>\n<\/div>\n\n<div class=\"et_pb_column_3 et_pb_column et_pb_column_1_6 et_block_column et_pb_css_mix_blend_mode_passthrough\">\n<div class=\"et_pb_text_2 et_pb_text et_pb_bg_layout_light et_clickable et_pb_module et_block_module\"><div class=\"et_pb_text_inner\"><h4>EDUCAMOS<\/h4>\n<\/div><\/div>\n\n<div class=\"et_pb_image_2 et_pb_image et_pb_module et_block_module\"><a href=\"https:\/\/ciademaria-puentealto.educamos.com\" target=\"_blank\"><span class=\"et_pb_image_wrap\"><img decoding=\"async\" src=\"https:\/\/www.ciamariapuentealto.cl\/sitio\/wp-content\/uploads\/2025\/10\/flecha.png\" title=\"flecha\" \/><\/span><\/a><\/div>\n<\/div>\n\n<div class=\"et_pb_column_4 et_pb_column et_pb_column_1_6 et_block_column et_pb_css_mix_blend_mode_passthrough\">\n<div class=\"et_pb_text_3 et_pb_text et_pb_bg_layout_light et_clickable et_pb_module et_block_module\"><div class=\"et_pb_text_inner\"><h4>EXTRACURRICULARES<\/h4>\n<\/div><\/div>\n\n<div class=\"et_pb_image_3 et_pb_image et_pb_module et_block_module\"><a href=\"https:\/\/ciamariapuentealto.cl\/sitio\/actividades-curriculares-de-libre-eleccion\/\"><span class=\"et_pb_image_wrap\"><img decoding=\"async\" src=\"https:\/\/www.ciamariapuentealto.cl\/sitio\/wp-content\/uploads\/2025\/10\/flecha.png\" title=\"flecha\" \/><\/span><\/a><\/div>\n<\/div>\n\n<div class=\"et_pb_column_5 et_pb_column et_pb_column_1_6 et_block_column et_pb_css_mix_blend_mode_passthrough\">\n<div class=\"et_pb_text_4 et_pb_text et_pb_bg_layout_light et_clickable et_pb_module et_block_module\"><div class=\"et_pb_text_inner\"><h4>CALENDARIO<\/h4>\n<\/div><\/div>\n\n<div class=\"et_pb_image_4 et_pb_image et_pb_module et_block_module\"><a href=\"https:\/\/www.ciamariapuentealto.cl\/sitio\/calendario\/\"><span class=\"et_pb_image_wrap\"><img decoding=\"async\" src=\"https:\/\/www.ciamariapuentealto.cl\/sitio\/wp-content\/uploads\/2025\/10\/flecha.png\" title=\"flecha\" \/><\/span><\/a><\/div>\n<\/div>\n\n<div class=\"et_pb_column_6 et_pb_column et_pb_column_1_6 et-last-child et_block_column et_pb_css_mix_blend_mode_passthrough\">\n<div class=\"et_pb_text_5 et_pb_text et_pb_bg_layout_light et_clickable et_pb_module et_block_module\"><div class=\"et_pb_text_inner\"><h4>ODN<\/h4>\n<\/div><\/div>\n\n<div class=\"et_pb_image_5 et_pb_image et_pb_module et_block_module\"><a href=\"https:\/\/www.newsodn.org\/es\" target=\"_blank\"><span class=\"et_pb_image_wrap\"><img decoding=\"async\" src=\"https:\/\/www.ciamariapuentealto.cl\/sitio\/wp-content\/uploads\/2025\/10\/flecha.png\" title=\"flecha\" \/><\/span><\/a><\/div>\n<\/div>\n<\/div>\n<\/div>\n\n<div class=\"et_pb_section_2 et_pb_section et_section_regular et_block_section\">\n<div class=\"et_pb_row_2 et_pb_row et_block_row\">\n<div class=\"et_pb_column_7 et_pb_column et_pb_column_1_2 et_block_column et_pb_css_mix_blend_mode_passthrough\">\n<div class=\"et_pb_text_6 et_pb_text et_pb_bg_layout_light et_pb_module et_block_module\"><div class=\"et_pb_text_inner\"><h2>Noticias<\/h2>\n<\/div><\/div>\n<\/div>\n\n<div class=\"et_pb_column_8 et_pb_column et_pb_column_1_2 et-last-child et_block_column et_pb_css_mix_blend_mode_passthrough\">\n<div class=\"et_pb_module et_pb_button_module_wrapper et_pb_button_0_wrapper\"><a class=\"et_pb_button_0 et_pb_button et_pb_bg_layout_light et_pb_module et_block_module\" href=\"https:\/\/ciamariapuentealto.cl\/sitio\/noticias\/\">Leer m\u00e1s<\/a><\/div>\n<\/div>\n<\/div>\n\n<div class=\"et_pb_row_3 et_pb_row et_pb_gutters2 et_block_row\">\n<div class=\"et_pb_column_9 et_pb_column et_pb_column_4_4 et-last-child et_block_column et_pb_css_mix_blend_mode_passthrough\">\n<div class=\"et_pb_blog_0 et_pb_blog et_pb_bg_layout_light et_pb_posts et_pb_module\"><div class=\"et_pb_ajax_pagination_container\"><div class=\"et_pb_posts et_grid_module\"><article class=\"et_pb_post et_pb_post_id_23835 clearfix et_pb_blog_item_0_0 post-23835 post type-post status-publish format-standard has-post-thumbnail hentry category-noticias\"><div class=\"et_pb_image_container\"><a href=\"https:\/\/ciamariapuentealto.cl\/sitio\/comunidad-escolar-fortalece-su-cultura-de-prevencion-con-exitoso-simulacro-de-sismo\/\" class=\"entry-featured-image-url\"><img loading=\"lazy\" decoding=\"async\" src=\"https:\/\/ciamariapuentealto.cl\/sitio\/wp-content\/uploads\/2026\/08\/Simulacro-Sismo.png\" width=\"400\" height=\"284\" alt=\"COMUNIDAD ESCOLAR FORTALECE SU CULTURA DE PREVENCI\u00d3N CON EXITOSO SIMULACRO DE SISMO\" class=\"\" srcset=\"https:\/\/ciamariapuentealto.cl\/sitio\/wp-content\/uploads\/2026\/08\/Simulacro-Sismo.png 479w, https:\/\/ciamariapuentealto.cl\/sitio\/wp-content\/uploads\/2026\/08\/Simulacro-Sismo-400x284.png 480w\" sizes=\"(max-width:479px) 479px, 100vw\" \/><span data-icon=\"\ue050\" class=\"et_overlay et_pb_inline_icon\"><\/span><\/a><\/div><h5 class=\"entry-title\"><a href=\"https:\/\/ciamariapuentealto.cl\/sitio\/comunidad-escolar-fortalece-su-cultura-de-prevencion-con-exitoso-simulacro-de-sismo\/\">COMUNIDAD ESCOLAR FORTALECE SU CULTURA DE PREVENCI\u00d3N CON EXITOSO SIMULACRO DE SISMO<\/a><\/h5><p class=\"post-meta\"><span class=\"published\">Ago 28, 2026<\/span><\/p><div class=\"post-content\"><div class=\"post-content-inner\"><p>El pasado viernes 21, la comunidad llev\u00f3 a cabo un nuevo simulacro de evacuaci\u00f3n por sismo, una pr\u00e1ctica preventiva fundamental que los establecimientos en Chile realizamos de forma interna y en coordinaci\u00f3n con el Servicio Nacional de Prevenci\u00f3n y Respuesta ante&#8230;<\/p>\n<\/div><a href=\"https:\/\/ciamariapuentealto.cl\/sitio\/comunidad-escolar-fortalece-su-cultura-de-prevencion-con-exitoso-simulacro-de-sismo\/\" class=\"more-link\">leer m\u00e1s&#8230;<\/a><\/div><\/article><article class=\"et_pb_post et_pb_post_id_23832 clearfix et_pb_blog_item_0_1 post-23832 post type-post status-publish format-standard has-post-thumbnail hentry category-noticias\"><div class=\"et_pb_image_container\"><a href=\"https:\/\/ciamariapuentealto.cl\/sitio\/felicitaciones-al-iv-b-premio-a-la-constancia-y-el-compromiso-con-el-aprendizaje\/\" class=\"entry-featured-image-url\"><img loading=\"lazy\" decoding=\"async\" src=\"https:\/\/ciamariapuentealto.cl\/sitio\/wp-content\/uploads\/2026\/08\/\u00a1FELICITACIONES-IV-B.png\" width=\"400\" height=\"284\" alt=\"\u00a1FELICITACIONES AL IV\u00b0 B! PREMIO A LA CONSTANCIA Y EL COMPROMISO CON EL APRENDIZAJE\" class=\"\" srcset=\"https:\/\/ciamariapuentealto.cl\/sitio\/wp-content\/uploads\/2026\/08\/\u00a1FELICITACIONES-IV-B.png 479w, https:\/\/ciamariapuentealto.cl\/sitio\/wp-content\/uploads\/2026\/08\/\u00a1FELICITACIONES-IV-B-400x284.png 480w\" sizes=\"(max-width:479px) 479px, 100vw\" \/><span data-icon=\"\ue050\" class=\"et_overlay et_pb_inline_icon\"><\/span><\/a><\/div><h5 class=\"entry-title\"><a href=\"https:\/\/ciamariapuentealto.cl\/sitio\/felicitaciones-al-iv-b-premio-a-la-constancia-y-el-compromiso-con-el-aprendizaje\/\">\u00a1FELICITACIONES AL IV\u00b0 B! PREMIO A LA CONSTANCIA Y EL COMPROMISO CON EL APRENDIZAJE<\/a><\/h5><p class=\"post-meta\"><span class=\"published\">Ago 28, 2026<\/span><\/p><div class=\"post-content\"><div class=\"post-content-inner\"><p>En el Colegio Compa\u00f1\u00eda de Mar\u00eda Puente Alto reconocemos y valoramos el esfuerzo diario de nuestras aulas. Durante la oraci\u00f3n comunitaria de julio, el curso IV\u00b0 Medio B fue premiado con el reconocimiento a la mejor asistencia del bimestre mayo-junio. Esta entrega se&#8230;<\/p>\n<\/div><a href=\"https:\/\/ciamariapuentealto.cl\/sitio\/felicitaciones-al-iv-b-premio-a-la-constancia-y-el-compromiso-con-el-aprendizaje\/\" class=\"more-link\">leer m\u00e1s&#8230;<\/a><\/div><\/article><article class=\"et_pb_post et_pb_post_id_23828 clearfix et_pb_blog_item_0_2 post-23828 post type-post status-publish format-standard has-post-thumbnail hentry category-noticias\"><div class=\"et_pb_image_container\"><a href=\"https:\/\/ciamariapuentealto.cl\/sitio\/orgullo-escolar-las-acle-de-danza-destacan-con-podio-en-el-iii-festival-competitivo-nattivos-2026\/\" class=\"entry-featured-image-url\"><img loading=\"lazy\" decoding=\"async\" src=\"https:\/\/ciamariapuentealto.cl\/sitio\/wp-content\/uploads\/2026\/08\/III-Festival-Competitivo-de-Danza-y-Folklore-Nattivos-2026.-1.png\" width=\"400\" height=\"284\" alt=\"\u00a1ORGULLO ESCOLAR! LAS ACLE DE DANZA DESTACAN CON PODIO EN EL III\u00b0 FESTIVAL COMPETITIVO NATTIVOS 2026\" class=\"\" srcset=\"https:\/\/ciamariapuentealto.cl\/sitio\/wp-content\/uploads\/2026\/08\/III-Festival-Competitivo-de-Danza-y-Folklore-Nattivos-2026.-1.png 479w, https:\/\/ciamariapuentealto.cl\/sitio\/wp-content\/uploads\/2026\/08\/III-Festival-Competitivo-de-Danza-y-Folklore-Nattivos-2026.-1-400x284.png 480w\" sizes=\"(max-width:479px) 479px, 100vw\" \/><span data-icon=\"\ue050\" class=\"et_overlay et_pb_inline_icon\"><\/span><\/a><\/div><h5 class=\"entry-title\"><a href=\"https:\/\/ciamariapuentealto.cl\/sitio\/orgullo-escolar-las-acle-de-danza-destacan-con-podio-en-el-iii-festival-competitivo-nattivos-2026\/\">\u00a1ORGULLO ESCOLAR! LAS ACLE DE DANZA DESTACAN CON PODIO EN EL III\u00b0 FESTIVAL COMPETITIVO NATTIVOS 2026<\/a><\/h5><p class=\"post-meta\"><span class=\"published\">Ago 28, 2026<\/span><\/p><div class=\"post-content\"><div class=\"post-content-inner\"><p>Una sobresaliente participaci\u00f3n tuvieron los estudiantes pertenecientes a las ACLE de Danza del nuestro colegio durante su reciente presentaci\u00f3n en el III\u00b0 Festival Competitivo de Danza y Folklore Nattivos 2026. Bajo el liderazgo y la preparaci\u00f3n de la profesora&#8230;<\/p>\n<\/div><a href=\"https:\/\/ciamariapuentealto.cl\/sitio\/orgullo-escolar-las-acle-de-danza-destacan-con-podio-en-el-iii-festival-competitivo-nattivos-2026\/\" class=\"more-link\">leer m\u00e1s&#8230;<\/a><\/div><\/article><article class=\"et_pb_post et_pb_post_id_23825 clearfix et_pb_blog_item_0_3 post-23825 post type-post status-publish format-standard has-post-thumbnail hentry category-noticias\"><div class=\"et_pb_image_container\"><a href=\"https:\/\/ciamariapuentealto.cl\/sitio\/el-arte-y-la-musica-se-apoderan-del-colegio-comunidad-escolar-vive-exitosa-edicion-del-muart-2026\/\" class=\"entry-featured-image-url\"><img loading=\"lazy\" decoding=\"async\" src=\"https:\/\/ciamariapuentealto.cl\/sitio\/wp-content\/uploads\/2026\/08\/MUART-2026.png\" width=\"400\" height=\"284\" alt=\"EL ARTE Y LA M\u00daSICA SE APODERAN DEL COLEGIO: COMUNIDAD ESCOLAR VIVE EXITOSA EDICI\u00d3N DEL MUART 2026\" class=\"\" srcset=\"https:\/\/ciamariapuentealto.cl\/sitio\/wp-content\/uploads\/2026\/08\/MUART-2026.png 479w, https:\/\/ciamariapuentealto.cl\/sitio\/wp-content\/uploads\/2026\/08\/MUART-2026-400x284.png 480w\" sizes=\"(max-width:479px) 479px, 100vw\" \/><span data-icon=\"\ue050\" class=\"et_overlay et_pb_inline_icon\"><\/span><\/a><\/div><h5 class=\"entry-title\"><a href=\"https:\/\/ciamariapuentealto.cl\/sitio\/el-arte-y-la-musica-se-apoderan-del-colegio-comunidad-escolar-vive-exitosa-edicion-del-muart-2026\/\">EL ARTE Y LA M\u00daSICA SE APODERAN DEL COLEGIO: COMUNIDAD ESCOLAR VIVE EXITOSA EDICI\u00d3N DEL MUART 2026<\/a><\/h5><p class=\"post-meta\"><span class=\"published\">Ago 28, 2026<\/span><\/p><div class=\"post-content\"><div class=\"post-content-inner\"><p>Nuestro colegio se visti\u00f3 de creatividad y talento con la celebraci\u00f3n de una nueva edici\u00f3n del MUART 2026, la esperada Muestra de Arte y M\u00fasica que re\u00fane los mejores trabajos visuales y musicales desarrollados por los estudiantes de 7.\u00ba b\u00e1sico a IV.\u00ba medio. Organizado&#8230;<\/p>\n<\/div><a href=\"https:\/\/ciamariapuentealto.cl\/sitio\/el-arte-y-la-musica-se-apoderan-del-colegio-comunidad-escolar-vive-exitosa-edicion-del-muart-2026\/\" class=\"more-link\">leer m\u00e1s&#8230;<\/a><\/div><\/article><article class=\"et_pb_post et_pb_post_id_23822 clearfix et_pb_blog_item_0_4 post-23822 post type-post status-publish format-standard has-post-thumbnail hentry category-noticias\"><div class=\"et_pb_image_container\"><a href=\"https:\/\/ciamariapuentealto.cl\/sitio\/colegio-invita-a-familias-y-estudiantes-a-responder-diagnostico-para-la-proxima-jornada-de-padres-e-hijos\/\" class=\"entry-featured-image-url\"><img loading=\"lazy\" decoding=\"async\" src=\"https:\/\/ciamariapuentealto.cl\/sitio\/wp-content\/uploads\/2026\/08\/DIAGNOSTICO-8\u00b0-BASICOS-2026.png\" width=\"400\" height=\"284\" alt=\"COLEGIO INVITA A FAMILIAS Y ESTUDIANTES A RESPONDER DIAGN\u00d3STICO PARA LA PR\u00d3XIMA JORNADA DE PADRES E HIJOS\" class=\"\" srcset=\"https:\/\/ciamariapuentealto.cl\/sitio\/wp-content\/uploads\/2026\/08\/DIAGNOSTICO-8\u00b0-BASICOS-2026.png 479w, https:\/\/ciamariapuentealto.cl\/sitio\/wp-content\/uploads\/2026\/08\/DIAGNOSTICO-8\u00b0-BASICOS-2026-400x284.png 480w\" sizes=\"(max-width:479px) 479px, 100vw\" \/><span data-icon=\"\ue050\" class=\"et_overlay et_pb_inline_icon\"><\/span><\/a><\/div><h5 class=\"entry-title\"><a href=\"https:\/\/ciamariapuentealto.cl\/sitio\/colegio-invita-a-familias-y-estudiantes-a-responder-diagnostico-para-la-proxima-jornada-de-padres-e-hijos\/\">COLEGIO INVITA A FAMILIAS Y ESTUDIANTES A RESPONDER DIAGN\u00d3STICO PARA LA PR\u00d3XIMA JORNADA DE PADRES E HIJOS<\/a><\/h5><p class=\"post-meta\"><span class=\"published\">Ago 28, 2026<\/span><\/p><div class=\"post-content\"><div class=\"post-content-inner\"><p>Inspirados en el legado de Santa Juana de Lestonnac y bajo el principio de que la educaci\u00f3n cobra pleno sentido en un trabajo colaborativo entre colegio y hogar, el Colegio convoc\u00f3 a padres, apoderados y estudiantes de 8\u00b0 b\u00e1sico a participar activamente en el&#8230;<\/p>\n<\/div><a href=\"https:\/\/ciamariapuentealto.cl\/sitio\/colegio-invita-a-familias-y-estudiantes-a-responder-diagnostico-para-la-proxima-jornada-de-padres-e-hijos\/\" class=\"more-link\">leer m\u00e1s&#8230;<\/a><\/div><\/article><article class=\"et_pb_post et_pb_post_id_23819 clearfix et_pb_blog_item_0_5 post-23819 post type-post status-publish format-standard has-post-thumbnail hentry category-noticias\"><div class=\"et_pb_image_container\"><a href=\"https:\/\/ciamariapuentealto.cl\/sitio\/recordatorio-a-nuestra-comunidad-cierre-del-periodo-principal-del-sistema-de-admision-escolar-sae-2027\/\" class=\"entry-featured-image-url\"><img loading=\"lazy\" decoding=\"async\" src=\"https:\/\/ciamariapuentealto.cl\/sitio\/wp-content\/uploads\/2026\/08\/Admision-2027.jpg\" width=\"400\" height=\"284\" alt=\"RECORDATORIO A NUESTRA COMUNIDAD: CIERRE DEL PERIODO PRINCIPAL DEL SISTEMA DE ADMISI\u00d3N ESCOLAR (SAE) 2027\" class=\"\" srcset=\"https:\/\/ciamariapuentealto.cl\/sitio\/wp-content\/uploads\/2026\/08\/Admision-2027.jpg 479w, https:\/\/ciamariapuentealto.cl\/sitio\/wp-content\/uploads\/2026\/08\/Admision-2027-400x284.jpg 480w\" sizes=\"(max-width:479px) 479px, 100vw\" \/><span data-icon=\"\ue050\" class=\"et_overlay et_pb_inline_icon\"><\/span><\/a><\/div><h5 class=\"entry-title\"><a href=\"https:\/\/ciamariapuentealto.cl\/sitio\/recordatorio-a-nuestra-comunidad-cierre-del-periodo-principal-del-sistema-de-admision-escolar-sae-2027\/\">RECORDATORIO A NUESTRA COMUNIDAD: CIERRE DEL PERIODO PRINCIPAL DEL SISTEMA DE ADMISI\u00d3N ESCOLAR (SAE) 2027<\/a><\/h5><p class=\"post-meta\"><span class=\"published\">Ago 28, 2026<\/span><\/p><div class=\"post-content\"><div class=\"post-content-inner\"><p>Le recordamos a nuestras familias y apoderados que el Ministerio de Educaci\u00f3n se encuentra en los \u00faltimos d\u00edas del Periodo Principal de Postulaci\u00f3n del Sistema de Admisi\u00f3n Escolar (SAE) para el a\u00f1o acad\u00e9mico 2027. El plazo oficial para realizar o modificar las&#8230;<\/p>\n<\/div><a href=\"https:\/\/ciamariapuentealto.cl\/sitio\/recordatorio-a-nuestra-comunidad-cierre-del-periodo-principal-del-sistema-de-admision-escolar-sae-2027\/\" class=\"more-link\">leer m\u00e1s&#8230;<\/a><\/div><\/article><\/div><\/div><\/div>\n<\/div>\n<\/div>\n<\/div>\n\n","protected":false},"excerpt":{"rendered":"","protected":false},"author":1,"featured_media":0,"parent":0,"menu_order":0,"comment_status":"closed","ping_status":"closed","template":"","meta":{"_et_pb_use_builder":"on","_et_pb_old_content":"<!-- wp:paragraph -->\n<p>This is an example page. It's different from a blog post because it will stay in one place and will show up in your site navigation (in most themes). Most people start with an About page that introduces them to potential site visitors. It might say something like this:<\/p>\n<!-- \/wp:paragraph -->\n\n<!-- wp:quote -->\n<blockquote class=\"wp-block-quote\"><p>Hi there! I'm a bike messenger by day, aspiring actor by night, and this is my website. I live in Los Angeles, have a great dog named Jack, and I like pi\u00f1a coladas. (And gettin' caught in the rain.)<\/p><\/blockquote>\n<!-- \/wp:quote -->\n\n<!-- wp:paragraph -->\n<p>...or something like this:<\/p>\n<!-- \/wp:paragraph -->\n\n<!-- wp:quote -->\n<blockquote class=\"wp-block-quote\"><p>The XYZ Doohickey Company was founded in 1971, and has been providing quality doohickeys to the public ever since. Located in Gotham City, XYZ employs over 2,000 people and does all kinds of awesome things for the Gotham community.<\/p><\/blockquote>\n<!-- \/wp:quote -->\n\n<!-- wp:paragraph -->\n<p>As a new WordPress user, you should go to <a href=\"https:\/\/minimaldiseno.cl\/cms_1\/wp-admin\/\">your dashboard<\/a> to delete this page and create new pages for your content. Have fun!<\/p>\n<!-- \/wp:paragraph -->","_et_gb_content_width":"","footnotes":""},"class_list":["post-2","page","type-page","status-publish","hentry"],"_links":{"self":[{"href":"https:\/\/ciamariapuentealto.cl\/sitio\/wp-json\/wp\/v2\/pages\/2","targetHints":{"allow":["GET"]}}],"collection":[{"href":"https:\/\/ciamariapuentealto.cl\/sitio\/wp-json\/wp\/v2\/pages"}],"about":[{"href":"https:\/\/ciamariapuentealto.cl\/sitio\/wp-json\/wp\/v2\/types\/page"}],"author":[{"embeddable":true,"href":"https:\/\/ciamariapuentealto.cl\/sitio\/wp-json\/wp\/v2\/users\/1"}],"replies":[{"embeddable":true,"href":"https:\/\/ciamariapuentealto.cl\/sitio\/wp-json\/wp\/v2\/comments?post=2"}],"version-history":[{"count":68,"href":"https:\/\/ciamariapuentealto.cl\/sitio\/wp-json\/wp\/v2\/pages\/2\/revisions"}],"predecessor-version":[{"id":23550,"href":"https:\/\/ciamariapuentealto.cl\/sitio\/wp-json\/wp\/v2\/pages\/2\/revisions\/23550"}],"wp:attachment":[{"href":"https:\/\/ciamariapuentealto.cl\/sitio\/wp-json\/wp\/v2\/media?parent=2"}],"curies":[{"name":"wp","href":"https:\/\/api.w.org\/{rel}","templated":true}]}}