{"id":22294,"date":"2026-01-06T21:43:57","date_gmt":"2026-01-06T21:43:57","guid":{"rendered":"https:\/\/ciamariapuentealto.cl\/sitio\/?page_id=22294"},"modified":"2026-05-08T22:52:30","modified_gmt":"2026-05-08T22:52:30","slug":"noticias","status":"publish","type":"page","link":"https:\/\/ciamariapuentealto.cl\/sitio\/noticias\/","title":{"rendered":"Noticias"},"content":{"rendered":"<div class=\"et_pb_section_0 et_pb_section et_section_regular et_block_section\">\n<div class=\"et_pb_row_0 et_pb_row et_block_row\">\n<div class=\"et_pb_column_0 et_pb_column et_pb_column_1_2 et_block_column et_pb_css_mix_blend_mode_passthrough\">\n<div class=\"et_pb_text_0 et_pb_text et_pb_bg_layout_light et_pb_module et_block_module\"><div class=\"et_pb_text_inner\"><h1>Noticias<\/h1>\n<\/div><\/div>\n<\/div>\n\n<div class=\"et_pb_column_1 et_pb_column et_pb_column_1_2 et-last-child et_block_column et_pb_css_mix_blend_mode_passthrough\">\n<div class=\"et_pb_image_0 et_pb_image et_pb_module et_block_module\"><span class=\"et_pb_image_wrap\"><img decoding=\"async\" src=\"https:\/\/www.ciamariapuentealto.cl\/sitio\/wp-content\/uploads\/2025\/12\/becas-scaled.jpg\" title=\"becas\" \/><\/span><\/div>\n<\/div>\n<\/div>\n\n<div class=\"et_pb_row_1 et_pb_row et_block_row\">\n<div class=\"et_pb_column_2 et_pb_column et_pb_column_4_4 et-last-child et_block_column et_pb_css_mix_blend_mode_passthrough\">\n<div class=\"et_pb_blog_0 et_pb_blog et_pb_bg_layout_light et_pb_posts et_pb_module\"><div class=\"et_pb_ajax_pagination_container\"><div class=\"et_pb_posts et_grid_module\"><article class=\"et_pb_post et_pb_post_id_23835 clearfix et_pb_blog_item_0_0 post-23835 post type-post status-publish format-standard has-post-thumbnail hentry category-noticias\"><div class=\"et_pb_image_container\"><a href=\"https:\/\/ciamariapuentealto.cl\/sitio\/comunidad-escolar-fortalece-su-cultura-de-prevencion-con-exitoso-simulacro-de-sismo\/\" class=\"entry-featured-image-url\"><img loading=\"lazy\" decoding=\"async\" src=\"https:\/\/ciamariapuentealto.cl\/sitio\/wp-content\/uploads\/2026\/08\/Simulacro-Sismo.png\" width=\"400\" height=\"284\" alt=\"COMUNIDAD ESCOLAR FORTALECE SU CULTURA DE PREVENCI\u00d3N CON EXITOSO SIMULACRO DE SISMO\" class=\"\" srcset=\"https:\/\/ciamariapuentealto.cl\/sitio\/wp-content\/uploads\/2026\/08\/Simulacro-Sismo.png 479w, https:\/\/ciamariapuentealto.cl\/sitio\/wp-content\/uploads\/2026\/08\/Simulacro-Sismo-400x284.png 480w\" sizes=\"(max-width:479px) 479px, 100vw\" \/><span data-icon=\"\ue050\" class=\"et_overlay et_pb_inline_icon\"><\/span><\/a><\/div><h2 class=\"entry-title\"><a href=\"https:\/\/ciamariapuentealto.cl\/sitio\/comunidad-escolar-fortalece-su-cultura-de-prevencion-con-exitoso-simulacro-de-sismo\/\">COMUNIDAD ESCOLAR FORTALECE SU CULTURA DE PREVENCI\u00d3N CON EXITOSO SIMULACRO DE SISMO<\/a><\/h2><p class=\"post-meta\">por <span class=\"author vcard\"><a href=\"https:\/\/ciamariapuentealto.cl\/sitio\/author\/camilo\/\" title=\"Entradas de Camilo\" rel=\"author\">Camilo<\/a><\/span> | <span class=\"published\">Ago 28, 2026<\/span> | <span class=\"entry-categories\"><a href=\"https:\/\/ciamariapuentealto.cl\/sitio\/category\/noticias\/\" rel=\"tag\">Noticias<\/a><\/span><\/p><div class=\"post-content\"><div class=\"post-content-inner\"><p>El pasado viernes 21, la comunidad llev\u00f3 a cabo un nuevo simulacro de evacuaci\u00f3n por sismo, una pr\u00e1ctica preventiva fundamental que los establecimientos en Chile realizamos de forma interna y en coordinaci\u00f3n con el Servicio Nacional de Prevenci\u00f3n y Respuesta ante&#8230;<\/p>\n<\/div><\/div><\/article><article class=\"et_pb_post et_pb_post_id_23832 clearfix et_pb_blog_item_0_1 post-23832 post type-post status-publish format-standard has-post-thumbnail hentry category-noticias\"><div class=\"et_pb_image_container\"><a href=\"https:\/\/ciamariapuentealto.cl\/sitio\/felicitaciones-al-iv-b-premio-a-la-constancia-y-el-compromiso-con-el-aprendizaje\/\" class=\"entry-featured-image-url\"><img loading=\"lazy\" decoding=\"async\" src=\"https:\/\/ciamariapuentealto.cl\/sitio\/wp-content\/uploads\/2026\/08\/\u00a1FELICITACIONES-IV-B.png\" width=\"400\" height=\"284\" alt=\"\u00a1FELICITACIONES AL IV\u00b0 B! PREMIO A LA CONSTANCIA Y EL COMPROMISO CON EL APRENDIZAJE\" class=\"\" srcset=\"https:\/\/ciamariapuentealto.cl\/sitio\/wp-content\/uploads\/2026\/08\/\u00a1FELICITACIONES-IV-B.png 479w, https:\/\/ciamariapuentealto.cl\/sitio\/wp-content\/uploads\/2026\/08\/\u00a1FELICITACIONES-IV-B-400x284.png 480w\" sizes=\"(max-width:479px) 479px, 100vw\" \/><span data-icon=\"\ue050\" class=\"et_overlay et_pb_inline_icon\"><\/span><\/a><\/div><h2 class=\"entry-title\"><a href=\"https:\/\/ciamariapuentealto.cl\/sitio\/felicitaciones-al-iv-b-premio-a-la-constancia-y-el-compromiso-con-el-aprendizaje\/\">\u00a1FELICITACIONES AL IV\u00b0 B! PREMIO A LA CONSTANCIA Y EL COMPROMISO CON EL APRENDIZAJE<\/a><\/h2><p class=\"post-meta\">por <span class=\"author vcard\"><a href=\"https:\/\/ciamariapuentealto.cl\/sitio\/author\/camilo\/\" title=\"Entradas de Camilo\" rel=\"author\">Camilo<\/a><\/span> | <span class=\"published\">Ago 28, 2026<\/span> | <span class=\"entry-categories\"><a href=\"https:\/\/ciamariapuentealto.cl\/sitio\/category\/noticias\/\" rel=\"tag\">Noticias<\/a><\/span><\/p><div class=\"post-content\"><div class=\"post-content-inner\"><p>En el Colegio Compa\u00f1\u00eda de Mar\u00eda Puente Alto reconocemos y valoramos el esfuerzo diario de nuestras aulas. Durante la oraci\u00f3n comunitaria de julio, el curso IV\u00b0 Medio B fue premiado con el reconocimiento a la mejor asistencia del bimestre mayo-junio. Esta entrega se&#8230;<\/p>\n<\/div><\/div><\/article><article class=\"et_pb_post et_pb_post_id_23828 clearfix et_pb_blog_item_0_2 post-23828 post type-post status-publish format-standard has-post-thumbnail hentry category-noticias\"><div class=\"et_pb_image_container\"><a href=\"https:\/\/ciamariapuentealto.cl\/sitio\/orgullo-escolar-las-acle-de-danza-destacan-con-podio-en-el-iii-festival-competitivo-nattivos-2026\/\" class=\"entry-featured-image-url\"><img loading=\"lazy\" decoding=\"async\" src=\"https:\/\/ciamariapuentealto.cl\/sitio\/wp-content\/uploads\/2026\/08\/III-Festival-Competitivo-de-Danza-y-Folklore-Nattivos-2026.-1.png\" width=\"400\" height=\"284\" alt=\"\u00a1ORGULLO ESCOLAR! LAS ACLE DE DANZA DESTACAN CON PODIO EN EL III\u00b0 FESTIVAL COMPETITIVO NATTIVOS 2026\" class=\"\" srcset=\"https:\/\/ciamariapuentealto.cl\/sitio\/wp-content\/uploads\/2026\/08\/III-Festival-Competitivo-de-Danza-y-Folklore-Nattivos-2026.-1.png 479w, https:\/\/ciamariapuentealto.cl\/sitio\/wp-content\/uploads\/2026\/08\/III-Festival-Competitivo-de-Danza-y-Folklore-Nattivos-2026.-1-400x284.png 480w\" sizes=\"(max-width:479px) 479px, 100vw\" \/><span data-icon=\"\ue050\" class=\"et_overlay et_pb_inline_icon\"><\/span><\/a><\/div><h2 class=\"entry-title\"><a href=\"https:\/\/ciamariapuentealto.cl\/sitio\/orgullo-escolar-las-acle-de-danza-destacan-con-podio-en-el-iii-festival-competitivo-nattivos-2026\/\">\u00a1ORGULLO ESCOLAR! LAS ACLE DE DANZA DESTACAN CON PODIO EN EL III\u00b0 FESTIVAL COMPETITIVO NATTIVOS 2026<\/a><\/h2><p class=\"post-meta\">por <span class=\"author vcard\"><a href=\"https:\/\/ciamariapuentealto.cl\/sitio\/author\/camilo\/\" title=\"Entradas de Camilo\" rel=\"author\">Camilo<\/a><\/span> | <span class=\"published\">Ago 28, 2026<\/span> | <span class=\"entry-categories\"><a href=\"https:\/\/ciamariapuentealto.cl\/sitio\/category\/noticias\/\" rel=\"tag\">Noticias<\/a><\/span><\/p><div class=\"post-content\"><div class=\"post-content-inner\"><p>Una sobresaliente participaci\u00f3n tuvieron los estudiantes pertenecientes a las ACLE de Danza del nuestro colegio durante su reciente presentaci\u00f3n en el III\u00b0 Festival Competitivo de Danza y Folklore Nattivos 2026. Bajo el liderazgo y la preparaci\u00f3n de la profesora&#8230;<\/p>\n<\/div><\/div><\/article><article class=\"et_pb_post et_pb_post_id_23825 clearfix et_pb_blog_item_0_3 post-23825 post type-post status-publish format-standard has-post-thumbnail hentry category-noticias\"><div class=\"et_pb_image_container\"><a href=\"https:\/\/ciamariapuentealto.cl\/sitio\/el-arte-y-la-musica-se-apoderan-del-colegio-comunidad-escolar-vive-exitosa-edicion-del-muart-2026\/\" class=\"entry-featured-image-url\"><img loading=\"lazy\" decoding=\"async\" src=\"https:\/\/ciamariapuentealto.cl\/sitio\/wp-content\/uploads\/2026\/08\/MUART-2026.png\" width=\"400\" height=\"284\" alt=\"EL ARTE Y LA M\u00daSICA SE APODERAN DEL COLEGIO: COMUNIDAD ESCOLAR VIVE EXITOSA EDICI\u00d3N DEL MUART 2026\" class=\"\" srcset=\"https:\/\/ciamariapuentealto.cl\/sitio\/wp-content\/uploads\/2026\/08\/MUART-2026.png 479w, https:\/\/ciamariapuentealto.cl\/sitio\/wp-content\/uploads\/2026\/08\/MUART-2026-400x284.png 480w\" sizes=\"(max-width:479px) 479px, 100vw\" \/><span data-icon=\"\ue050\" class=\"et_overlay et_pb_inline_icon\"><\/span><\/a><\/div><h2 class=\"entry-title\"><a href=\"https:\/\/ciamariapuentealto.cl\/sitio\/el-arte-y-la-musica-se-apoderan-del-colegio-comunidad-escolar-vive-exitosa-edicion-del-muart-2026\/\">EL ARTE Y LA M\u00daSICA SE APODERAN DEL COLEGIO: COMUNIDAD ESCOLAR VIVE EXITOSA EDICI\u00d3N DEL MUART 2026<\/a><\/h2><p class=\"post-meta\">por <span class=\"author vcard\"><a href=\"https:\/\/ciamariapuentealto.cl\/sitio\/author\/camilo\/\" title=\"Entradas de Camilo\" rel=\"author\">Camilo<\/a><\/span> | <span class=\"published\">Ago 28, 2026<\/span> | <span class=\"entry-categories\"><a href=\"https:\/\/ciamariapuentealto.cl\/sitio\/category\/noticias\/\" rel=\"tag\">Noticias<\/a><\/span><\/p><div class=\"post-content\"><div class=\"post-content-inner\"><p>Nuestro colegio se visti\u00f3 de creatividad y talento con la celebraci\u00f3n de una nueva edici\u00f3n del MUART 2026, la esperada Muestra de Arte y M\u00fasica que re\u00fane los mejores trabajos visuales y musicales desarrollados por los estudiantes de 7.\u00ba b\u00e1sico a IV.\u00ba medio. Organizado&#8230;<\/p>\n<\/div><\/div><\/article><article class=\"et_pb_post et_pb_post_id_23822 clearfix et_pb_blog_item_0_4 post-23822 post type-post status-publish format-standard has-post-thumbnail hentry category-noticias\"><div class=\"et_pb_image_container\"><a href=\"https:\/\/ciamariapuentealto.cl\/sitio\/colegio-invita-a-familias-y-estudiantes-a-responder-diagnostico-para-la-proxima-jornada-de-padres-e-hijos\/\" class=\"entry-featured-image-url\"><img loading=\"lazy\" decoding=\"async\" src=\"https:\/\/ciamariapuentealto.cl\/sitio\/wp-content\/uploads\/2026\/08\/DIAGNOSTICO-8\u00b0-BASICOS-2026.png\" width=\"400\" height=\"284\" alt=\"COLEGIO INVITA A FAMILIAS Y ESTUDIANTES A RESPONDER DIAGN\u00d3STICO PARA LA PR\u00d3XIMA JORNADA DE PADRES E HIJOS\" class=\"\" srcset=\"https:\/\/ciamariapuentealto.cl\/sitio\/wp-content\/uploads\/2026\/08\/DIAGNOSTICO-8\u00b0-BASICOS-2026.png 479w, https:\/\/ciamariapuentealto.cl\/sitio\/wp-content\/uploads\/2026\/08\/DIAGNOSTICO-8\u00b0-BASICOS-2026-400x284.png 480w\" sizes=\"(max-width:479px) 479px, 100vw\" \/><span data-icon=\"\ue050\" class=\"et_overlay et_pb_inline_icon\"><\/span><\/a><\/div><h2 class=\"entry-title\"><a href=\"https:\/\/ciamariapuentealto.cl\/sitio\/colegio-invita-a-familias-y-estudiantes-a-responder-diagnostico-para-la-proxima-jornada-de-padres-e-hijos\/\">COLEGIO INVITA A FAMILIAS Y ESTUDIANTES A RESPONDER DIAGN\u00d3STICO PARA LA PR\u00d3XIMA JORNADA DE PADRES E HIJOS<\/a><\/h2><p class=\"post-meta\">por <span class=\"author vcard\"><a href=\"https:\/\/ciamariapuentealto.cl\/sitio\/author\/camilo\/\" title=\"Entradas de Camilo\" rel=\"author\">Camilo<\/a><\/span> | <span class=\"published\">Ago 28, 2026<\/span> | <span class=\"entry-categories\"><a href=\"https:\/\/ciamariapuentealto.cl\/sitio\/category\/noticias\/\" rel=\"tag\">Noticias<\/a><\/span><\/p><div class=\"post-content\"><div class=\"post-content-inner\"><p>Inspirados en el legado de Santa Juana de Lestonnac y bajo el principio de que la educaci\u00f3n cobra pleno sentido en un trabajo colaborativo entre colegio y hogar, el Colegio convoc\u00f3 a padres, apoderados y estudiantes de 8\u00b0 b\u00e1sico a participar activamente en el&#8230;<\/p>\n<\/div><\/div><\/article><article class=\"et_pb_post et_pb_post_id_23819 clearfix et_pb_blog_item_0_5 post-23819 post type-post status-publish format-standard has-post-thumbnail hentry category-noticias\"><div class=\"et_pb_image_container\"><a href=\"https:\/\/ciamariapuentealto.cl\/sitio\/recordatorio-a-nuestra-comunidad-cierre-del-periodo-principal-del-sistema-de-admision-escolar-sae-2027\/\" class=\"entry-featured-image-url\"><img loading=\"lazy\" decoding=\"async\" src=\"https:\/\/ciamariapuentealto.cl\/sitio\/wp-content\/uploads\/2026\/08\/Admision-2027.jpg\" width=\"400\" height=\"284\" alt=\"RECORDATORIO A NUESTRA COMUNIDAD: CIERRE DEL PERIODO PRINCIPAL DEL SISTEMA DE ADMISI\u00d3N ESCOLAR (SAE) 2027\" class=\"\" srcset=\"https:\/\/ciamariapuentealto.cl\/sitio\/wp-content\/uploads\/2026\/08\/Admision-2027.jpg 479w, https:\/\/ciamariapuentealto.cl\/sitio\/wp-content\/uploads\/2026\/08\/Admision-2027-400x284.jpg 480w\" sizes=\"(max-width:479px) 479px, 100vw\" \/><span data-icon=\"\ue050\" class=\"et_overlay et_pb_inline_icon\"><\/span><\/a><\/div><h2 class=\"entry-title\"><a href=\"https:\/\/ciamariapuentealto.cl\/sitio\/recordatorio-a-nuestra-comunidad-cierre-del-periodo-principal-del-sistema-de-admision-escolar-sae-2027\/\">RECORDATORIO A NUESTRA COMUNIDAD: CIERRE DEL PERIODO PRINCIPAL DEL SISTEMA DE ADMISI\u00d3N ESCOLAR (SAE) 2027<\/a><\/h2><p class=\"post-meta\">por <span class=\"author vcard\"><a href=\"https:\/\/ciamariapuentealto.cl\/sitio\/author\/camilo\/\" title=\"Entradas de Camilo\" rel=\"author\">Camilo<\/a><\/span> | <span class=\"published\">Ago 28, 2026<\/span> | <span class=\"entry-categories\"><a href=\"https:\/\/ciamariapuentealto.cl\/sitio\/category\/noticias\/\" rel=\"tag\">Noticias<\/a><\/span><\/p><div class=\"post-content\"><div class=\"post-content-inner\"><p>Le recordamos a nuestras familias y apoderados que el Ministerio de Educaci\u00f3n se encuentra en los \u00faltimos d\u00edas del Periodo Principal de Postulaci\u00f3n del Sistema de Admisi\u00f3n Escolar (SAE) para el a\u00f1o acad\u00e9mico 2027. El plazo oficial para realizar o modificar las&#8230;<\/p>\n<\/div><\/div><\/article><article class=\"et_pb_post et_pb_post_id_23805 clearfix et_pb_blog_item_0_6 post-23805 post type-post status-publish format-standard has-post-thumbnail hentry category-noticias\"><div class=\"et_pb_image_container\"><a href=\"https:\/\/ciamariapuentealto.cl\/sitio\/constitucion-centro-de-padres-y-apoderados-2026-2027\/\" class=\"entry-featured-image-url\"><img loading=\"lazy\" decoding=\"async\" src=\"https:\/\/ciamariapuentealto.cl\/sitio\/wp-content\/uploads\/2026\/08\/Diapositiva1-2.jpg\" width=\"400\" height=\"284\" alt=\"Constituci\u00f3n Centro de Padres y Apoderados 2026-2027\" class=\"\" srcset=\"https:\/\/ciamariapuentealto.cl\/sitio\/wp-content\/uploads\/2026\/08\/Diapositiva1-2.jpg 479w, https:\/\/ciamariapuentealto.cl\/sitio\/wp-content\/uploads\/2026\/08\/Diapositiva1-2-400x284.jpg 480w\" sizes=\"(max-width:479px) 479px, 100vw\" \/><span data-icon=\"\ue050\" class=\"et_overlay et_pb_inline_icon\"><\/span><\/a><\/div><h2 class=\"entry-title\"><a href=\"https:\/\/ciamariapuentealto.cl\/sitio\/constitucion-centro-de-padres-y-apoderados-2026-2027\/\">Constituci\u00f3n Centro de Padres y Apoderados 2026-2027<\/a><\/h2><p class=\"post-meta\">por <span class=\"author vcard\"><a href=\"https:\/\/ciamariapuentealto.cl\/sitio\/author\/camilo\/\" title=\"Entradas de Camilo\" rel=\"author\">Camilo<\/a><\/span> | <span class=\"published\">Ago 20, 2026<\/span> | <span class=\"entry-categories\"><a href=\"https:\/\/ciamariapuentealto.cl\/sitio\/category\/noticias\/\" rel=\"tag\">Noticias<\/a><\/span><\/p><div class=\"post-content\"><div class=\"post-content-inner\"><p>En un marco de compromiso, participaci\u00f3n y esp\u00edritu comunitario, nuestra comunidad educativa formaliz\u00f3 la constituci\u00f3n de la directiva del Centro de Padres y Apoderados. En coincidencia con el\u00a0D\u00eda Nacional de la Solidaridad, fecha en que recordamos el legado de San&#8230;<\/p>\n<\/div><\/div><\/article><article class=\"et_pb_post et_pb_post_id_23802 clearfix et_pb_blog_item_0_7 post-23802 post type-post status-publish format-standard has-post-thumbnail hentry category-noticias\"><div class=\"et_pb_image_container\"><a href=\"https:\/\/ciamariapuentealto.cl\/sitio\/feria-de-las-pulgas-solidaria-2026\/\" class=\"entry-featured-image-url\"><img loading=\"lazy\" decoding=\"async\" src=\"https:\/\/ciamariapuentealto.cl\/sitio\/wp-content\/uploads\/2026\/08\/Feria-de-las-Pulgas.jpg\" width=\"400\" height=\"284\" alt=\"Feria de las Pulgas Solidaria 2026\" class=\"\" srcset=\"https:\/\/ciamariapuentealto.cl\/sitio\/wp-content\/uploads\/2026\/08\/Feria-de-las-Pulgas.jpg 479w, https:\/\/ciamariapuentealto.cl\/sitio\/wp-content\/uploads\/2026\/08\/Feria-de-las-Pulgas-400x284.jpg 480w\" sizes=\"(max-width:479px) 479px, 100vw\" \/><span data-icon=\"\ue050\" class=\"et_overlay et_pb_inline_icon\"><\/span><\/a><\/div><h2 class=\"entry-title\"><a href=\"https:\/\/ciamariapuentealto.cl\/sitio\/feria-de-las-pulgas-solidaria-2026\/\">Feria de las Pulgas Solidaria 2026<\/a><\/h2><p class=\"post-meta\">por <span class=\"author vcard\"><a href=\"https:\/\/ciamariapuentealto.cl\/sitio\/author\/camilo\/\" title=\"Entradas de Camilo\" rel=\"author\">Camilo<\/a><\/span> | <span class=\"published\">Ago 20, 2026<\/span> | <span class=\"entry-categories\"><a href=\"https:\/\/ciamariapuentealto.cl\/sitio\/category\/noticias\/\" rel=\"tag\">Noticias<\/a><\/span><\/p><div class=\"post-content\"><div class=\"post-content-inner\"><p>Estudiantes, apoderados y educadores se unieron en una jornada comunitaria para conmemorar la Pascua de San Alberto Hurtado a trav\u00e9s del servicio y la colaboraci\u00f3n. En el marco del\u00a0D\u00eda Nacional de la Solidaridad\u00a0y en profunda conmemoraci\u00f3n de la Pascua de San Alberto&#8230;<\/p>\n<\/div><\/div><\/article><article class=\"et_pb_post et_pb_post_id_23797 clearfix et_pb_blog_item_0_8 post-23797 post type-post status-publish format-standard has-post-thumbnail hentry category-noticias\"><div class=\"et_pb_image_container\"><a href=\"https:\/\/ciamariapuentealto.cl\/sitio\/encuentro-con-cristo-7-basico-a\/\" class=\"entry-featured-image-url\"><img loading=\"lazy\" decoding=\"async\" src=\"https:\/\/ciamariapuentealto.cl\/sitio\/wp-content\/uploads\/2026\/08\/Diapositiva1-1.jpg\" width=\"400\" height=\"284\" alt=\"Encuentro con Cristo 7\u00b0 B\u00e1sico A\" class=\"\" srcset=\"https:\/\/ciamariapuentealto.cl\/sitio\/wp-content\/uploads\/2026\/08\/Diapositiva1-1.jpg 479w, https:\/\/ciamariapuentealto.cl\/sitio\/wp-content\/uploads\/2026\/08\/Diapositiva1-1-400x284.jpg 480w\" sizes=\"(max-width:479px) 479px, 100vw\" \/><span data-icon=\"\ue050\" class=\"et_overlay et_pb_inline_icon\"><\/span><\/a><\/div><h2 class=\"entry-title\"><a href=\"https:\/\/ciamariapuentealto.cl\/sitio\/encuentro-con-cristo-7-basico-a\/\">Encuentro con Cristo 7\u00b0 B\u00e1sico A<\/a><\/h2><p class=\"post-meta\">por <span class=\"author vcard\"><a href=\"https:\/\/ciamariapuentealto.cl\/sitio\/author\/camilo\/\" title=\"Entradas de Camilo\" rel=\"author\">Camilo<\/a><\/span> | <span class=\"published\">Ago 20, 2026<\/span> | <span class=\"entry-categories\"><a href=\"https:\/\/ciamariapuentealto.cl\/sitio\/category\/noticias\/\" rel=\"tag\">Noticias<\/a><\/span><\/p><div class=\"post-content\"><div class=\"post-content-inner\"><p>El pasado martes 18 de agosto, en el marco del\u00a0D\u00eda Nacional de la Solidaridad\u00a0y la conmemoraci\u00f3n de la Pascua de San Alberto Hurtado, los estudiantes de\u00a07\u00b0 B\u00e1sico A\u00a0llevaron a cabo su tradicional jornada anual de\u00a0Encuentro con Cristo. La actividad cont\u00f3 con la&#8230;<\/p>\n<\/div><\/div><\/article><article class=\"et_pb_post et_pb_post_id_23786 clearfix et_pb_blog_item_0_9 post-23786 post type-post status-publish format-standard has-post-thumbnail hentry category-noticias\"><div class=\"et_pb_image_container\"><a href=\"https:\/\/ciamariapuentealto.cl\/sitio\/nuestro-colegio-promueve-la-conciencia-hidrica-junto-a-kyklos-aguas-andinas-y-ntv\/\" class=\"entry-featured-image-url\"><img loading=\"lazy\" decoding=\"async\" src=\"https:\/\/ciamariapuentealto.cl\/sitio\/wp-content\/uploads\/2026\/08\/Kiklos-Aguas-Andinas-1.jpg\" width=\"400\" height=\"284\" alt=\"Nuestro colegio promueve la conciencia h\u00eddrica junto a Kyklos, Aguas Andinas y NTV\" class=\"\" srcset=\"https:\/\/ciamariapuentealto.cl\/sitio\/wp-content\/uploads\/2026\/08\/Kiklos-Aguas-Andinas-1.jpg 479w, https:\/\/ciamariapuentealto.cl\/sitio\/wp-content\/uploads\/2026\/08\/Kiklos-Aguas-Andinas-1-400x284.jpg 480w\" sizes=\"(max-width:479px) 479px, 100vw\" \/><span data-icon=\"\ue050\" class=\"et_overlay et_pb_inline_icon\"><\/span><\/a><\/div><h2 class=\"entry-title\"><a href=\"https:\/\/ciamariapuentealto.cl\/sitio\/nuestro-colegio-promueve-la-conciencia-hidrica-junto-a-kyklos-aguas-andinas-y-ntv\/\">Nuestro colegio promueve la conciencia h\u00eddrica junto a Kyklos, Aguas Andinas y NTV<\/a><\/h2><p class=\"post-meta\">por <span class=\"author vcard\"><a href=\"https:\/\/ciamariapuentealto.cl\/sitio\/author\/camilo\/\" title=\"Entradas de Camilo\" rel=\"author\">Camilo<\/a><\/span> | <span class=\"published\">Ago 18, 2026<\/span> | <span class=\"entry-categories\"><a href=\"https:\/\/ciamariapuentealto.cl\/sitio\/category\/noticias\/\" rel=\"tag\">Noticias<\/a><\/span><\/p><div class=\"post-content\"><div class=\"post-content-inner\"><p>El pasado viernes 14 de agosto, nuestro colegio fue sede de una jornada educativa dedicada a fortalecer la toma de conciencia sobre el uso responsable del agua. La iniciativa, desarrollada en alianza con\u00a0Kyklos\u00a0y\u00a0Aguas Andinas, brind\u00f3 a nuestros estudiantes una&#8230;<\/p>\n<\/div><\/div><\/article><article class=\"et_pb_post et_pb_post_id_23764 clearfix et_pb_blog_item_0_10 post-23764 post type-post status-publish format-standard has-post-thumbnail hentry category-noticias\"><div class=\"et_pb_image_container\"><a href=\"https:\/\/ciamariapuentealto.cl\/sitio\/red-de-colegios-compania-de-maria-chile-recibe-reconocimiento-como-cambridge-english-educational-partner\/\" class=\"entry-featured-image-url\"><img loading=\"lazy\" decoding=\"async\" src=\"https:\/\/ciamariapuentealto.cl\/sitio\/wp-content\/uploads\/2026\/08\/Diapositiva1.jpg\" width=\"400\" height=\"284\" alt=\"Red de Colegios Compa\u00f1\u00eda de Mar\u00eda Chile recibe reconocimiento como Cambridge English Educational Partner\" class=\"\" srcset=\"https:\/\/ciamariapuentealto.cl\/sitio\/wp-content\/uploads\/2026\/08\/Diapositiva1.jpg 479w, https:\/\/ciamariapuentealto.cl\/sitio\/wp-content\/uploads\/2026\/08\/Diapositiva1-400x284.jpg 480w\" sizes=\"(max-width:479px) 479px, 100vw\" \/><span data-icon=\"\ue050\" class=\"et_overlay et_pb_inline_icon\"><\/span><\/a><\/div><h2 class=\"entry-title\"><a href=\"https:\/\/ciamariapuentealto.cl\/sitio\/red-de-colegios-compania-de-maria-chile-recibe-reconocimiento-como-cambridge-english-educational-partner\/\">Red de Colegios Compa\u00f1\u00eda de Mar\u00eda Chile recibe reconocimiento como Cambridge English Educational Partner<\/a><\/h2><p class=\"post-meta\">por <span class=\"author vcard\"><a href=\"https:\/\/ciamariapuentealto.cl\/sitio\/author\/camilo\/\" title=\"Entradas de Camilo\" rel=\"author\">Camilo<\/a><\/span> | <span class=\"published\">Ago 18, 2026<\/span> | <span class=\"entry-categories\"><a href=\"https:\/\/ciamariapuentealto.cl\/sitio\/category\/noticias\/\" rel=\"tag\">Noticias<\/a><\/span><\/p><div class=\"post-content\"><div class=\"post-content-inner\"><p>La alianza con Cambridge University Press &amp; Assessment constituye un importante paso en el fortalecimiento de la ense\u00f1anza del ingl\u00e9s y reafirma el compromiso de la Red con una formaci\u00f3n integral y de calidad para estudiantes, educadoras y educadores. Con gran&#8230;<\/p>\n<\/div><\/div><\/article><article class=\"et_pb_post et_pb_post_id_23755 clearfix et_pb_blog_item_0_11 post-23755 post type-post status-publish format-standard has-post-thumbnail hentry category-noticias\"><div class=\"et_pb_image_container\"><a href=\"https:\/\/ciamariapuentealto.cl\/sitio\/circular-admision-2027\/\" class=\"entry-featured-image-url\"><img loading=\"lazy\" decoding=\"async\" src=\"https:\/\/ciamariapuentealto.cl\/sitio\/wp-content\/uploads\/2026\/07\/ADMISION-2027-1-1.png\" width=\"400\" height=\"284\" alt=\"Circular Admisi\u00f3n 2027\" class=\"\" srcset=\"https:\/\/ciamariapuentealto.cl\/sitio\/wp-content\/uploads\/2026\/07\/ADMISION-2027-1-1.png 479w, https:\/\/ciamariapuentealto.cl\/sitio\/wp-content\/uploads\/2026\/07\/ADMISION-2027-1-1-400x284.png 480w\" sizes=\"(max-width:479px) 479px, 100vw\" \/><span data-icon=\"\ue050\" class=\"et_overlay et_pb_inline_icon\"><\/span><\/a><\/div><h2 class=\"entry-title\"><a href=\"https:\/\/ciamariapuentealto.cl\/sitio\/circular-admision-2027\/\">Circular Admisi\u00f3n 2027<\/a><\/h2><p class=\"post-meta\">por <span class=\"author vcard\"><a href=\"https:\/\/ciamariapuentealto.cl\/sitio\/author\/camilo\/\" title=\"Entradas de Camilo\" rel=\"author\">Camilo<\/a><\/span> | <span class=\"published\">Jul 31, 2026<\/span> | <span class=\"entry-categories\"><a href=\"https:\/\/ciamariapuentealto.cl\/sitio\/category\/noticias\/\" rel=\"tag\">Noticias<\/a><\/span><\/p><div class=\"post-content\"><div class=\"post-content-inner\"><p>Queridas familias y apoderados: Junto con saludarlos con mucho afecto, les compartimos adjunta la\u00a0Circular de Admisi\u00f3n 2027, donde encontrar\u00e1n los plazos, requisitos y etapas clave para el pr\u00f3ximo proceso. Como una comunidad que crece y comparte la alegr\u00eda de su&#8230;<\/p>\n<\/div><\/div><\/article><\/div><div class=\"pagination clearfix\">\n\t<div class=\"alignleft\"><a href=\"https:\/\/ciamariapuentealto.cl\/sitio\/wp-json\/wp\/v2\/pages\/22294\/page\/2\/?et_blog\" >&laquo; Entradas Anteriores<\/a><\/div>\n\t<div class=\"alignright\"><\/div>\n<\/div><\/div><\/div>\n<\/div>\n<\/div>\n<\/div>","protected":false},"excerpt":{"rendered":"","protected":false},"author":1,"featured_media":0,"parent":0,"menu_order":0,"comment_status":"closed","ping_status":"closed","template":"","meta":{"_et_pb_use_builder":"on","_et_pb_old_content":"","_et_gb_content_width":"","footnotes":""},"class_list":["post-22294","page","type-page","status-publish","hentry"],"_links":{"self":[{"href":"https:\/\/ciamariapuentealto.cl\/sitio\/wp-json\/wp\/v2\/pages\/22294","targetHints":{"allow":["GET"]}}],"collection":[{"href":"https:\/\/ciamariapuentealto.cl\/sitio\/wp-json\/wp\/v2\/pages"}],"about":[{"href":"https:\/\/ciamariapuentealto.cl\/sitio\/wp-json\/wp\/v2\/types\/page"}],"author":[{"embeddable":true,"href":"https:\/\/ciamariapuentealto.cl\/sitio\/wp-json\/wp\/v2\/users\/1"}],"replies":[{"embeddable":true,"href":"https:\/\/ciamariapuentealto.cl\/sitio\/wp-json\/wp\/v2\/comments?post=22294"}],"version-history":[{"count":4,"href":"https:\/\/ciamariapuentealto.cl\/sitio\/wp-json\/wp\/v2\/pages\/22294\/revisions"}],"predecessor-version":[{"id":23469,"href":"https:\/\/ciamariapuentealto.cl\/sitio\/wp-json\/wp\/v2\/pages\/22294\/revisions\/23469"}],"wp:attachment":[{"href":"https:\/\/ciamariapuentealto.cl\/sitio\/wp-json\/wp\/v2\/media?parent=22294"}],"curies":[{"name":"wp","href":"https:\/\/api.w.org\/{rel}","templated":true}]}}